{"id":49,"date":"2019-03-04T13:04:43","date_gmt":"2019-03-04T12:04:43","guid":{"rendered":"http:\/\/www.aesono.fr\/wp_new\/?page_id=49"},"modified":"2020-11-11T01:25:15","modified_gmt":"2020-11-11T00:25:15","slug":"galerie","status":"publish","type":"page","link":"https:\/\/www.aesono.fr\/wp_new\/galerie\/","title":{"rendered":"Galerie"},"content":{"rendered":"<p>[et_pb_section fb_built=\u00a0\u00bb1&Prime; _builder_version=\u00a0\u00bb4.6.6&Prime; _module_preset=\u00a0\u00bbdefault\u00a0\u00bb][et_pb_row _builder_version=\u00a0\u00bb4.6.6&Prime; _module_preset=\u00a0\u00bbdefault\u00a0\u00bb][et_pb_column type=\u00a0\u00bb4_4&Prime; _builder_version=\u00a0\u00bb4.6.6&Prime; _module_preset=\u00a0\u00bbdefault\u00a0\u00bb][et_pb_post_title meta=\u00a0\u00bboff\u00a0\u00bb _builder_version=\u00a0\u00bb4.6.6&Prime; _module_preset=\u00a0\u00bbdefault\u00a0\u00bb][\/et_pb_post_title][\/et_pb_column][\/et_pb_row][et_pb_row _builder_version=\u00a0\u00bb4.6.6&Prime; _module_preset=\u00a0\u00bbdefault\u00a0\u00bb custom_padding=\u00a0\u00bb||0px||false|false\u00a0\u00bb][et_pb_column type=\u00a0\u00bb4_4&Prime; _builder_version=\u00a0\u00bb4.6.6&Prime; _module_preset=\u00a0\u00bbdefault\u00a0\u00bb][et_pb_text _builder_version=\u00a0\u00bb4.6.6&Prime; _module_preset=\u00a0\u00bbdefault\u00a0\u00bb]<\/p>\n<h4 style=\"text-align: center;\">Archives<\/h4>\n<p>[\/et_pb_text][\/et_pb_column][\/et_pb_row][et_pb_row column_structure=\u00a0\u00bb1_4,1_4,1_4,1_4&Prime; _builder_version=\u00a0\u00bb4.6.6&Prime; _module_preset=\u00a0\u00bbdefault\u00a0\u00bb custom_margin=\u00a0\u00bb|auto|30px|auto|false|false\u00a0\u00bb custom_padding=\u00a0\u00bb0px||0px||false|false\u00a0\u00bb][et_pb_column type=\u00a0\u00bb1_4&Prime; _builder_version=\u00a0\u00bb4.6.6&Prime; _module_preset=\u00a0\u00bbdefault\u00a0\u00bb][et_pb_image src=\u00a0\u00bbhttps:\/\/www.aesono.fr\/wp_new\/wp-content\/uploads\/2020\/10\/DSC_2493.jpg\u00a0\u00bb title_text=\u00a0\u00bbDSC_2493&Prime; url=\u00a0\u00bbhttps:\/\/www.aesono.fr\/wp_new\/domaine-du-pre-leveque\u00a0\u00bb show_bottom_space=\u00a0\u00bboff\u00a0\u00bb align=\u00a0\u00bbcenter\u00a0\u00bb _builder_version=\u00a0\u00bb4.6.6&Prime; _module_preset=\u00a0\u00bbdefault\u00a0\u00bb module_alignment=\u00a0\u00bbcenter\u00a0\u00bb min_height=\u00a0\u00bb430px\u00a0\u00bb custom_margin=\u00a0\u00bb||||false|false\u00a0\u00bb custom_padding=\u00a0\u00bb||20px||false|false\u00a0\u00bb hover_enabled=\u00a0\u00bb0&Prime; border_radii=\u00a0\u00bbon|20px|20px|20px|20px\u00a0\u00bb sticky_enabled=\u00a0\u00bb0&Prime;][\/et_pb_image][et_pb_cta title=\u00a0\u00bbMariage Mai 2012&Prime; disabled_on=\u00a0\u00bboff|off|off\u00a0\u00bb _builder_version=\u00a0\u00bb4.6.6&Prime; _module_preset=\u00a0\u00bbdefault\u00a0\u00bb header_font=\u00a0\u00bb|||||on|||\u00a0\u00bb header_font_size=\u00a0\u00bb26px\u00a0\u00bb background_color=\u00a0\u00bbrgba(2,2,2,0.35)\u00a0\u00bb button_alignment=\u00a0\u00bbcenter\u00a0\u00bb custom_margin=\u00a0\u00bb-166px||0px||false|false\u00a0\u00bb custom_padding=\u00a0\u00bb10px|5%|10px|5%|false|false\u00a0\u00bb custom_padding_tablet=\u00a0\u00bb2px|5%|2px|5%|false|false\u00a0\u00bb custom_padding_phone=\u00a0\u00bb2px||2px||false|false\u00a0\u00bb custom_padding_last_edited=\u00a0\u00bbon|tablet\u00a0\u00bb mix_blend_mode=\u00a0\u00bbluminosity\u00a0\u00bb animation_style=\u00a0\u00bbfade\u00a0\u00bb link_option_url=\u00a0\u00bbhttps:\/\/www.aesono.fr\/wp_new\/domaine-du-pre-leveque\u00a0\u00bb sticky_limit_top=\u00a0\u00bbrow\u00a0\u00bb hover_enabled=\u00a0\u00bb0&Prime; sticky_position_tablet=\u00a0\u00bbnone\u00a0\u00bb sticky_position_phone=\u00a0\u00bbnone\u00a0\u00bb sticky_position_last_edited=\u00a0\u00bboff|desktop\u00a0\u00bb sticky_limit_top_phone=\u00a0\u00bbnone\u00a0\u00bb sticky_limit_top_last_edited=\u00a0\u00bboff|desktop\u00a0\u00bb border_radii=\u00a0\u00bboff|||20px|20px\u00a0\u00bb border_radii_tablet=\u00a0\u00bboff|||0px|0px\u00a0\u00bb border_radii_phone=\u00a0\u00bboff|||0px|0px\u00a0\u00bb border_radii_last_edited=\u00a0\u00bbon|tablet\u00a0\u00bb sticky_enabled=\u00a0\u00bb0&Prime;]<\/p>\n<p>Photos de mariage au domaine du Pr\u00e9 l&rsquo;Ev\u00e8que \u00e0 Opio,<br \/> le 12 mai 2012<\/p>\n<p>[\/et_pb_cta][\/et_pb_column][et_pb_column type=\u00a0\u00bb1_4&Prime; _builder_version=\u00a0\u00bb4.6.6&Prime; _module_preset=\u00a0\u00bbdefault\u00a0\u00bb][et_pb_image src=\u00a0\u00bbhttps:\/\/www.aesono.fr\/wp_new\/wp-content\/uploads\/2020\/10\/cover-e1604053663194.jpg\u00a0\u00bb alt=\u00a0\u00bbAffiche Festival des Energies 2010&Prime; title_text=\u00a0\u00bbAffiche Festival des Energies 2010&Prime; url=\u00a0\u00bbhttps:\/\/www.aesono.fr\/#\u00a0\u00bb show_bottom_space=\u00a0\u00bboff\u00a0\u00bb align=\u00a0\u00bbcenter\u00a0\u00bb _builder_version=\u00a0\u00bb4.6.6&Prime; _module_preset=\u00a0\u00bbdefault\u00a0\u00bb module_alignment=\u00a0\u00bbcenter\u00a0\u00bb min_height=\u00a0\u00bb430px\u00a0\u00bb custom_margin=\u00a0\u00bb||||false|false\u00a0\u00bb custom_padding=\u00a0\u00bb||20px||false|false\u00a0\u00bb border_radii=\u00a0\u00bbon|20px|20px|20px|20px\u00a0\u00bb][\/et_pb_image][et_pb_cta title=\u00a0\u00bbFestival Juin 2010&Prime; button_url=\u00a0\u00bbhttps:\/\/www.aesono.fr\/#\u00a0\u00bb disabled_on=\u00a0\u00bboff|off|off\u00a0\u00bb _builder_version=\u00a0\u00bb4.6.6&Prime; _module_preset=\u00a0\u00bbdefault\u00a0\u00bb header_font=\u00a0\u00bb|||||on|||\u00a0\u00bb header_font_size=\u00a0\u00bb26px\u00a0\u00bb background_color=\u00a0\u00bbrgba(2,2,2,0.35)\u00a0\u00bb button_alignment=\u00a0\u00bbcenter\u00a0\u00bb custom_margin=\u00a0\u00bb-166px||0px||false|false\u00a0\u00bb custom_padding=\u00a0\u00bb10px|5%|10px|5%|false|false\u00a0\u00bb custom_padding_tablet=\u00a0\u00bb2px|5%|2px|5%|false|false\u00a0\u00bb custom_padding_phone=\u00a0\u00bb2px||2px||false|false\u00a0\u00bb custom_padding_last_edited=\u00a0\u00bbon|tablet\u00a0\u00bb mix_blend_mode=\u00a0\u00bbluminosity\u00a0\u00bb animation_style=\u00a0\u00bbfade\u00a0\u00bb sticky_limit_top=\u00a0\u00bbrow\u00a0\u00bb sticky_position_tablet=\u00a0\u00bbnone\u00a0\u00bb sticky_position_last_edited=\u00a0\u00bboff|desktop\u00a0\u00bb border_radii=\u00a0\u00bboff|||20px|20px\u00a0\u00bb border_radii_tablet=\u00a0\u00bboff|||0px|0px\u00a0\u00bb border_radii_phone=\u00a0\u00bboff|||0px|0px\u00a0\u00bb border_radii_last_edited=\u00a0\u00bbon|tablet\u00a0\u00bb]<\/p>\n<p>Quelques photos de la sc\u00e8ne de la CMCAS de Nice<a href=\"http:\/\/www.nice.cmcas.com\"><\/a>, au Festival des Energies 2010 \u00e0 Soulac<\/p>\n<p>[\/et_pb_cta][\/et_pb_column][et_pb_column type=\u00a0\u00bb1_4&Prime; _builder_version=\u00a0\u00bb4.6.6&Prime; _module_preset=\u00a0\u00bbdefault\u00a0\u00bb][et_pb_image src=\u00a0\u00bbhttps:\/\/www.aesono.fr\/wp_new\/wp-content\/uploads\/2020\/10\/cover-1.jpg\u00a0\u00bb alt=\u00a0\u00bbAffiche PSF 2&Prime; title_text=\u00a0\u00bbAffiche P\u00e9go Sound Fest&rsquo;2&Prime; url=\u00a0\u00bbhttps:\/\/www.aesono.fr\/#\u00a0\u00bb show_bottom_space=\u00a0\u00bboff\u00a0\u00bb align=\u00a0\u00bbcenter\u00a0\u00bb _builder_version=\u00a0\u00bb4.6.6&Prime; _module_preset=\u00a0\u00bbdefault\u00a0\u00bb module_alignment=\u00a0\u00bbcenter\u00a0\u00bb min_height=\u00a0\u00bb430px\u00a0\u00bb custom_margin=\u00a0\u00bb||||false|false\u00a0\u00bb custom_padding=\u00a0\u00bb||20px||false|false\u00a0\u00bb border_radii=\u00a0\u00bbon|20px|20px|20px|20px\u00a0\u00bb][\/et_pb_image][et_pb_cta title=\u00a0\u00bbFestival Ao\u00fbt 2009&Prime; button_url=\u00a0\u00bbhttps:\/\/www.aesono.fr\/#\u00a0\u00bb disabled_on=\u00a0\u00bboff|off|off\u00a0\u00bb _builder_version=\u00a0\u00bb4.6.6&Prime; _module_preset=\u00a0\u00bbdefault\u00a0\u00bb header_font=\u00a0\u00bb|||||on|||\u00a0\u00bb header_font_size=\u00a0\u00bb26px\u00a0\u00bb background_color=\u00a0\u00bbrgba(2,2,2,0.35)\u00a0\u00bb button_alignment=\u00a0\u00bbcenter\u00a0\u00bb custom_margin=\u00a0\u00bb-166px||0px||false|false\u00a0\u00bb custom_padding=\u00a0\u00bb10px|5%|10px|5%|false|false\u00a0\u00bb custom_padding_tablet=\u00a0\u00bb2px|5%|2px|5%|false|false\u00a0\u00bb custom_padding_phone=\u00a0\u00bb2px||2px||false|false\u00a0\u00bb custom_padding_last_edited=\u00a0\u00bbon|tablet\u00a0\u00bb mix_blend_mode=\u00a0\u00bbluminosity\u00a0\u00bb animation_style=\u00a0\u00bbfade\u00a0\u00bb sticky_limit_top=\u00a0\u00bbrow\u00a0\u00bb sticky_position_tablet=\u00a0\u00bbnone\u00a0\u00bb sticky_position_last_edited=\u00a0\u00bboff|desktop\u00a0\u00bb border_radii=\u00a0\u00bboff|||20px|20px\u00a0\u00bb border_radii_tablet=\u00a0\u00bboff|||0px|0px\u00a0\u00bb border_radii_phone=\u00a0\u00bboff|||0px|0px\u00a0\u00bb border_radii_last_edited=\u00a0\u00bbon|tablet\u00a0\u00bb]<\/p>\n<p>Quelques photos ddu P\u00e9go Sound Fest&rsquo;2, le festival Rock \u00e0 P\u00e9gomas, qui s&rsquo;est d\u00e9roul\u00e9 le 1er ao\u00fbt 2009.<\/p>\n<p>[\/et_pb_cta][\/et_pb_column][et_pb_column type=\u00a0\u00bb1_4&Prime; _builder_version=\u00a0\u00bb4.6.6&Prime; _module_preset=\u00a0\u00bbdefault\u00a0\u00bb][et_pb_image src=\u00a0\u00bbhttps:\/\/www.aesono.fr\/wp_new\/wp-content\/uploads\/2020\/10\/cover-3.jpg\u00a0\u00bb alt=\u00a0\u00bbAffiche Concert Orchestre R\u00e9gional de Cannes 2009&Prime; title_text=\u00a0\u00bbAffiche Concert Orchestre R\u00e9gional de Cannes 2009&Prime; url=\u00a0\u00bbhttps:\/\/www.aesono.fr\/#\u00a0\u00bb show_bottom_space=\u00a0\u00bboff\u00a0\u00bb align=\u00a0\u00bbcenter\u00a0\u00bb _builder_version=\u00a0\u00bb4.6.6&Prime; _module_preset=\u00a0\u00bbdefault\u00a0\u00bb module_alignment=\u00a0\u00bbcenter\u00a0\u00bb min_height=\u00a0\u00bb430px\u00a0\u00bb custom_margin=\u00a0\u00bb||||false|false\u00a0\u00bb custom_padding=\u00a0\u00bb||20px||false|false\u00a0\u00bb border_radii=\u00a0\u00bbon|20px|20px|20px|20px\u00a0\u00bb][\/et_pb_image][et_pb_cta title=\u00a0\u00bbOrchestre Juillet 2009&Prime; button_url=\u00a0\u00bbhttps:\/\/www.aesono.fr\/#\u00a0\u00bb disabled_on=\u00a0\u00bboff|off|off\u00a0\u00bb _builder_version=\u00a0\u00bb4.6.6&Prime; _module_preset=\u00a0\u00bbdefault\u00a0\u00bb header_font=\u00a0\u00bb|||||on|||\u00a0\u00bb header_font_size=\u00a0\u00bb26px\u00a0\u00bb background_color=\u00a0\u00bbrgba(2,2,2,0.35)\u00a0\u00bb button_alignment=\u00a0\u00bbcenter\u00a0\u00bb custom_margin=\u00a0\u00bb-166px||0px||false|false\u00a0\u00bb custom_padding=\u00a0\u00bb10px|5%|10px|5%|false|false\u00a0\u00bb custom_padding_tablet=\u00a0\u00bb2px|5%|2px|5%|false|false\u00a0\u00bb custom_padding_phone=\u00a0\u00bb2px||2px||false|false\u00a0\u00bb custom_padding_last_edited=\u00a0\u00bbon|tablet\u00a0\u00bb mix_blend_mode=\u00a0\u00bbluminosity\u00a0\u00bb animation_style=\u00a0\u00bbfade\u00a0\u00bb sticky_limit_top=\u00a0\u00bbrow\u00a0\u00bb sticky_position_tablet=\u00a0\u00bbnone\u00a0\u00bb sticky_position_last_edited=\u00a0\u00bboff|desktop\u00a0\u00bb border_radii=\u00a0\u00bboff|||20px|20px\u00a0\u00bb border_radii_tablet=\u00a0\u00bboff|||0px|0px\u00a0\u00bb border_radii_phone=\u00a0\u00bboff|||0px|0px\u00a0\u00bb border_radii_last_edited=\u00a0\u00bbon|tablet\u00a0\u00bb]<\/p>\n<p>Quelques photos de la soir\u00e9e estivale, avec l&rsquo;Orchestre R\u00e9gional de Cannes.<\/p>\n<p>[\/et_pb_cta][\/et_pb_column][\/et_pb_row][\/et_pb_section]<\/p>\n","protected":false},"excerpt":{"rendered":"<p>ArchivesPhotos de mariage au domaine du Pr\u00e9 l&rsquo;Ev\u00e8que \u00e0 Opio, le 12 mai 2012 Quelques photos de la sc\u00e8ne de la CMCAS de Nice, au Festival des Energies 2010 \u00e0 SoulacQuelques photos ddu P\u00e9go Sound Fest&rsquo;2, le festival Rock \u00e0 P\u00e9gomas, qui s&rsquo;est d\u00e9roul\u00e9 le 1er ao\u00fbt 2009.Quelques photos de la soir\u00e9e estivale, avec l&rsquo;Orchestre [&hellip;]<\/p>\n","protected":false},"author":1,"featured_media":0,"parent":0,"menu_order":0,"comment_status":"closed","ping_status":"closed","template":"","meta":{"_et_pb_use_builder":"on","_et_pb_old_content":"","_et_gb_content_width":"","footnotes":""},"class_list":["post-49","page","type-page","status-publish","hentry"],"_links":{"self":[{"href":"https:\/\/www.aesono.fr\/wp_new\/wp-json\/wp\/v2\/pages\/49","targetHints":{"allow":["GET"]}}],"collection":[{"href":"https:\/\/www.aesono.fr\/wp_new\/wp-json\/wp\/v2\/pages"}],"about":[{"href":"https:\/\/www.aesono.fr\/wp_new\/wp-json\/wp\/v2\/types\/page"}],"author":[{"embeddable":true,"href":"https:\/\/www.aesono.fr\/wp_new\/wp-json\/wp\/v2\/users\/1"}],"replies":[{"embeddable":true,"href":"https:\/\/www.aesono.fr\/wp_new\/wp-json\/wp\/v2\/comments?post=49"}],"version-history":[{"count":61,"href":"https:\/\/www.aesono.fr\/wp_new\/wp-json\/wp\/v2\/pages\/49\/revisions"}],"predecessor-version":[{"id":582,"href":"https:\/\/www.aesono.fr\/wp_new\/wp-json\/wp\/v2\/pages\/49\/revisions\/582"}],"wp:attachment":[{"href":"https:\/\/www.aesono.fr\/wp_new\/wp-json\/wp\/v2\/media?parent=49"}],"curies":[{"name":"wp","href":"https:\/\/api.w.org\/{rel}","templated":true}]}}